{"id":43340,"date":"2023-01-23T14:01:37","date_gmt":"2023-01-23T13:01:37","guid":{"rendered":"https:\/\/www.italyfamilyhotels.it\/informations-sur-le-traitement-des-donnees-personnelles-articles-13-14-du-reglement-ue-2016-679"},"modified":"2023-01-25T13:44:50","modified_gmt":"2023-01-25T12:44:50","slug":"informations-sur-le-traitement-des-donnees-personnelles-articles-13-14-du-reglement-ue-2016-679","status":"publish","type":"page","link":"https:\/\/www.italyfamilyhotels.it\/fr\/informations-sur-le-traitement-des-donnees-personnelles-articles-13-14-du-reglement-ue-2016-679","title":{"rendered":"Informations sur le traitement des donn\u00e9es personnelles &#8211; Articles 13-14 du R\u00e8glement UE 2016\/679"},"content":{"rendered":"\n<p><b>Personnes concern\u00e9es&nbsp;: Demande d&#8217;informations et inscription \u00e0 la newsletter d\u00e9di\u00e9e aux Family Hotels<\/b> Le <b>CONSORTIUM ITALY FAMILY HOTELS<\/b>, dont le si\u00e8ge social se trouve Via Macanno 38\/q, 47923 Rimini (RN), <a href=\"mailto:info@italyfamilyhotels.it\">info@italyfamilyhotels.it<\/a>, en sa qualit\u00e9 de responsable du traitement de vos donn\u00e9es personnelles, en application et aux fins du r\u00e8glement (UE) 2016\/679 ci-apr\u00e8s d\u00e9nomm\u00e9 \u00ab&nbsp;RGPD&nbsp;\u00bb, vous informe par la pr\u00e9sente que la l\u00e9gislation mentionn\u00e9e ci-dessus pr\u00e9voit la protection des personnes concern\u00e9es dans le cadre du traitement des donn\u00e9es personnelles, et que ce traitement sera bas\u00e9 sur les principes d&#8217;exactitude, de l\u00e9galit\u00e9 et de transparence pour la protection de votre vie priv\u00e9e et de vos droits. Pour atteindre ses objectifs, relatifs \u00e0 la gestion de la relation, le Responsable du traitement a besoin d&#8217;acqu\u00e9rir des donn\u00e9es personnelles, telles que, \u00e0 titre d&#8217;exemple, le nom et pr\u00e9nom, le nom de votre entreprise, le num\u00e9ro de t\u00e9l\u00e9phone ou de portable, l&#8217;adresse e-mail, et votre demande. Vos donn\u00e9es personnelles seront trait\u00e9es conform\u00e9ment aux dispositions de la l\u00e9gislation mentionn\u00e9e ci-dessus et aux obligations de confidentialit\u00e9 qui y sont \u00e9nonc\u00e9es. <b>Objectifs du traitement&nbsp;:<\/b> Fourniture du service&nbsp;: Vos donn\u00e9es seront trait\u00e9es pour r\u00e9pondre \u00e0 d&#8217;\u00e9ventuelles demandes figurant sur des formulaires \u00e0 remplir et disponibles sur le site, ou des demandes re\u00e7ues par courrier \u00e9lectronique. <b>Base l\u00e9gale&nbsp;:<\/b> La base juridique du traitement est contractuelle dans le sens o\u00f9 les donn\u00e9es sont trait\u00e9es en r\u00e9ponse \u00e0 une demande d&#8217;information qui est suivie d&#8217;une r\u00e9ponse. <b>Cons\u00e9quences du d\u00e9faut de communication&nbsp;:<\/b> Le traitement des donn\u00e9es fonctionnelles pour l&#8217;accomplissement de ces obligations est n\u00e9cessaire \u00e0 la bonne gestion de la relation, et leur fourniture est obligatoire pour mettre en \u0153uvre les objectifs indiqu\u00e9s pr\u00e9c\u00e9demment. Le responsable informe \u00e9galement que toute non-communication ou communication incorrecte de l&#8217;une des informations de contact indiqu\u00e9es ci-dessus pourrait rendre impossible, pour le responsable, de garantir l&#8217;ad\u00e9quation du traitement lui-m\u00eame. <b>Objectifs facultatifs&nbsp;:<\/b> Marketing &#8211; service de r\u00e9ception de la newsletter&nbsp;: vos donn\u00e9es seront notamment trait\u00e9es, sous r\u00e9serve de votre libre consentement, pour la r\u00e9ception de newsletters, soit en saisissant votre adresse \u00e9lectronique dans la zone de texte pr\u00e9vue \u00e0 cet effet, soit en cochant\/d\u00e9cochant la case indiquant \u00ab&nbsp;abonnement \u00e0 la newsletter&nbsp;\u00bb figurant dans les formulaires. <b>Base l\u00e9gale&nbsp;:<\/b> La base l\u00e9gale du traitement est le consentement de l\u2019int\u00e9ress\u00e9. <b>Cons\u00e9quences en cas de refus des objectifs facultatifs&nbsp;:<\/b> La fourniture des donn\u00e9es est facultative en ce qui concerne les objectifs mentionn\u00e9s ci-dessus, et un refus \u00e0 leur traitement ne compromet pas la poursuite de la relation ou l&#8217;ad\u00e9quation du traitement lui-m\u00eame. <b>M\u00e9thodes de traitement&nbsp;:<\/b> Le traitement est effectu\u00e9 avec des outils manuels et\/ou informatiques et t\u00e9l\u00e9matiques, afin de garantir la s\u00e9curit\u00e9, l&#8217;int\u00e9grit\u00e9 et la confidentialit\u00e9 des donn\u00e9es, dans le respect des mesures organisationnelles physiques et logiques pr\u00e9vues par les dispositions en vigueur, et ceci afin de minimiser les risques de destruction ou de perte, d&#8217;acc\u00e8s non autoris\u00e9, de modification et de divulgation non autoris\u00e9e conform\u00e9ment aux modalit\u00e9s pr\u00e9vues aux articles 6 et 32 du RGPD. <b>Destinataires&nbsp;:<\/b> Dans le cadre de la r\u00e9alisation de certaines activit\u00e9s, ou pour apporter un soutien au fonctionnement et \u00e0 l&#8217;organisation de l&#8217;activit\u00e9, certaines donn\u00e9es peuvent \u00eatre divulgu\u00e9es ou communiqu\u00e9es aux destinataires. Ces entit\u00e9s sont divis\u00e9es en&nbsp;: &lt;span style=&#8221;text-decoration: underline;&#8221;&gt;Tiers&nbsp;:&lt;\/span&gt; (communication \u00e0 des personnes physiques ou morales, autorit\u00e9s publiques, service ou autre organisme autre que l&#8217;int\u00e9ress\u00e9, le responsable du traitement, le d\u00e9l\u00e9gu\u00e9 au traitement et les personnes autoris\u00e9es et responsables du traitement) y compris&nbsp;: &#8211; Entreprises g\u00e9rant des services postaux traditionnels ou informatis\u00e9s &#8211; Pouvoirs publics, forces de police si elles en font la demande dans le cadre de leurs devoirs institutionnels. &lt;span style=&#8221;text-decoration: underline;&#8221;&gt;D\u00e9l\u00e9gu\u00e9s au traitement&nbsp;:&lt;\/span&gt; (la personne physique ou morale, les autorit\u00e9s publiques, le service ou tout autre organisme traitant des donn\u00e9es \u00e0 caract\u00e8re personnel pour le compte du responsable du traitement) &#8211; Fournisseurs de services informatiques, internet ou autres n\u00e9cessaires \u00e0 la r\u00e9alisation des objectifs n\u00e9cessaires \u00e0 la gestion de la relation. Au sein de la structure de l&#8217;entreprise, vos donn\u00e9es seront trait\u00e9es uniquement par &lt;span style=&#8221;text-decoration: underline;&#8221;&gt;personnel express\u00e9ment autoris\u00e9 par le responsable&lt;\/span&gt;, avec l&#8217;assurance de l&#8217;adoption d&#8217;un accord de confidentialit\u00e9 et, notamment, par les cat\u00e9gories de personnes pr\u00e9pos\u00e9es suivantes&nbsp;: &#8211; Administration&nbsp;; &#8211; Autres personnes pour lesquelles le traitement est n\u00e9cessaire \u00e0 la bonne ex\u00e9cution de la relation&nbsp;; <b>Diffusion&nbsp;:<\/b> Vos donn\u00e9es personnelles ne seront en aucun cas divulgu\u00e9es. <b>Transfert de donn\u00e9es vers des pays hors UE&nbsp;: <\/b>Vos donn\u00e9es seront stock\u00e9es au format papier et \u00e9lectronique chez des fournisseurs de serveurs dans le cadre d&#8217;accords avec des fournisseurs (d\u00e9l\u00e9gu\u00e9s ou sous-d\u00e9l\u00e9gu\u00e9s au traitement) de services d&#8217;h\u00e9bergement, de cloud et de connectivit\u00e9, situ\u00e9s aussi bien dans les pays de l&#8217;UE que dans des pays non-membres de l&#8217;UE (\u00c9tats-Unis) par le biais de fournisseurs signataires de l&#8217;accord Privacy Shield ou d\u2019autres accords ou clauses de confidentialit\u00e9. Ces syst\u00e8mes sont g\u00e9r\u00e9s par des administrateurs de syst\u00e8me et des personnes autoris\u00e9es et form\u00e9es, avec la garantie d&#8217;adoption des mesures de s\u00e9curit\u00e9 techniques et organisationnelles pour la protection des donn\u00e9es personnelles en r\u00e9f\u00e9rence aux articles 29 et 32 du R\u00e8glement UE 679\/2016 par le personnel technique, administratif et commercial. <b>Conservation&nbsp;:<\/b>la conservation de vos donn\u00e9es sera fonctionnelle aux objectifs des responsables du traitement pour lesquels elles ont \u00e9t\u00e9 collect\u00e9es, et seront conserv\u00e9es jusqu&#8217;\u00e0 ce que vous en demandiez l&#8217;annulation, ce qui peut \u00eatre fait \u00e0 tout moment \u00e0 partir des communications re\u00e7ues. <b>Responsable du traitement&nbsp;:<\/b> le responsable du traitement, conform\u00e9ment \u00e0 la loi, est <b>\u00ab&nbsp;CONSORTIUM ITALY FAMILY HOTELS&nbsp;\u00bb<\/b>, dont le si\u00e8ge social et op\u00e9rationnel est situ\u00e9 Via Macanno 38\/Q &#8211; 47923 Rimini (RN), num\u00e9ro de TVA\/CIF 03223190400 en la personne de son repr\u00e9sentant l\u00e9gal temporaire. En envoyant un e-mail \u00e0 l&#8217;adresse suivante <a href=\"mailto:info@italyfamilyhotels.it\">info@italyfamilyhotels.it<\/a>, vous pourrez demander de plus amples informations concernant les donn\u00e9es fournies. Le site <a href=\"https:\/www.italyfamilyhotels.it\">www.italyfamilyhotels.it<\/a> contient de plus amples informations sur les politiques de respect de la vie priv\u00e9e adopt\u00e9es par notre consortium. <b>D\u00e9l\u00e9gu\u00e9 \u00e0 la protection des donn\u00e9es (DPO)<\/b> est d\u00e9sign\u00e9 par le responsable conform\u00e9ment \u00e0 l&#8217;article 37 du RGPD, et est Studio Paci &amp;C srl (personne de contact&nbsp;: Luca Di Leo), via Edelweiss Rodriguez Senior, 13 \u2013 47924 \u2013 Rimini &#8211; T\u00e9l. +39 0541.1795431 <b>R\u00e8glement UE 2016\/679&nbsp;: Articles 15, 16, 17, 18, 19, 20, 21, 22 &#8211; Droits de l&#8217;int\u00e9ress\u00e9 <\/b>1. L&#8217;int\u00e9ress\u00e9 a le droit d&#8217;obtenir la confirmation de l&#8217;existence ou non de donn\u00e9es personnelles le concernant, m\u00eame si elles ne sont pas encore enregistr\u00e9es, ainsi que leur communication sous une forme intelligible. 2. L&#8217;int\u00e9ress\u00e9 a le droit d&#8217;obtenir les informations suivantes&nbsp;: a. l&#8217;origine des donn\u00e9es personnelles, b. objectifs et modalit\u00e9s du traitement, c. logique appliqu\u00e9e en cas de traitement effectu\u00e9 \u00e0 l&#8217;aide d&#8217;instruments \u00e9lectroniques, d. donn\u00e9es d&#8217;identification du responsable, des d\u00e9l\u00e9gu\u00e9s et du repr\u00e9sentant d\u00e9sign\u00e9 conform\u00e9ment \u00e0 l&#8217;article 5, alin\u00e9a 2&nbsp;; e. sujets ou cat\u00e9gories de sujets auxquels les donn\u00e9es personnelles peuvent \u00eatre communiqu\u00e9es ou pouvant en prendre connaissance en tant que repr\u00e9sentant d\u00e9sign\u00e9 sur le territoire de l&#8217;\u00c9tat, d\u00e9l\u00e9gu\u00e9s ou agents. 3. L&#8217;int\u00e9ress\u00e9 a le droit d&#8217;obtenir la mise \u00e0 jour, la rectification ou, le cas \u00e9ch\u00e9ant, l&#8217;int\u00e9gration des donn\u00e9es, l&#8217;annulation, la transformation en forme anonyme ou le blocage des donn\u00e9es trait\u00e9es ill\u00e9galement, y compris les donn\u00e9es dont la conservation n&#8217;est pas n\u00e9cessaire aux fins pour lesquelles les donn\u00e9es ont \u00e9t\u00e9 collect\u00e9es ou trait\u00e9es ult\u00e9rieurement, l&#8217;attestation que les op\u00e9rations vis\u00e9es aux lettres a) et b) ont \u00e9t\u00e9 port\u00e9es \u00e0 la connaissance, \u00e9galement en ce qui concerne leur contenu, des personnes \u00e0 qui les donn\u00e9es ont \u00e9t\u00e9 communiqu\u00e9es ou diffus\u00e9es, sauf dans le cas o\u00f9 cela s&#8217;av\u00e8re impossible ou implique l&#8217;utilisation de moyens manifestement disproportionn\u00e9s au droit prot\u00e9g\u00e9, et ont \u00e9galement le droit d\u2019obtenir la portabilit\u00e9 des donn\u00e9es. 4. L&#8217;int\u00e9ress\u00e9 a le droit de s&#8217;opposer, en tout ou en partie et pour des motifs l\u00e9gitimes, au traitement des donn\u00e9es personnelles le concernant, m\u00eame si celles-ci sont pertinentes \u00e0 l\u2019objectif de la collecte, au traitement des donn\u00e9es personnelles le concernant \u00e0 des fins d&#8217;envoi de mat\u00e9riel publicitaire ou de vente directe ou encore pour la r\u00e9alisation d&#8217;\u00e9tudes de march\u00e9 ou de communication commerciale. R\u00e9clamation&nbsp;: Si les conditions sont remplies, les parties int\u00e9ress\u00e9es ont \u00e9galement le droit de d\u00e9poser une r\u00e9clamation aupr\u00e8s du garant en tant qu&#8217;autorit\u00e9 de contr\u00f4le, selon les proc\u00e9dures \u00e9tablies. Pour toute information compl\u00e9mentaire, et pour faire valoir les droits accord\u00e9s en vertu du R\u00e8glement europ\u00e9en, vous pouvez contacter le responsable du traitement aux coordonn\u00e9es ci-dessus. <b>Consentement Formule d\u2019obtention du consentement de l&#8217;int\u00e9ress\u00e9 <\/b>Votre consentement \u00e0 recevoir la newsletter sera enregistr\u00e9 (adresse IP, e-mail, date et heure) en cochant la case situ\u00e9e apr\u00e8s avoir saisi l&#8217;e-mail, ou apr\u00e8s avoir appos\u00e9\/cliqu\u00e9 dans la case pr\u00e9vue \u00e0 cet effet et appuy\u00e9 conjointement sur \u00ab&nbsp;Entrer&nbsp;\u00bb \/ \u00ab&nbsp;Ok&nbsp;\u00bb. Ce consentement sera archiv\u00e9 pour prouver sa fourniture, et pour vous permettre de vous d\u00e9sabonner \u00e0 tout moment, outre tous les autres droits \u00e9nonc\u00e9s ci-dessus.<\/p>\n","protected":false},"excerpt":{"rendered":"<p>Personnes concern\u00e9es&nbsp;: Demande d&#8217;informations et inscription \u00e0 la newsletter d\u00e9di\u00e9e aux Family Hotels Le CONSORTIUM ITALY FAMILY HOTELS, dont le si\u00e8ge social se trouve Via Macanno 38\/q, 47923 Rimini (RN), info@italyfamilyhotels.it, en sa qualit\u00e9 de responsable du traitement de vos donn\u00e9es personnelles, en application et aux fins du r\u00e8glement (UE) 2016\/679 ci-apr\u00e8s d\u00e9nomm\u00e9 \u00ab&nbsp;RGPD&nbsp;\u00bb, vous &hellip;<\/p>\n","protected":false},"author":2,"featured_media":0,"parent":0,"menu_order":0,"comment_status":"closed","ping_status":"closed","template":"","meta":{"_acf_changed":false,"inline_featured_image":false,"footnotes":""},"class_list":["post-43340","page","type-page","status-publish","hentry"],"acf":[],"yoast_head":"<!-- This site is optimized with the Yoast SEO plugin v27.1 - https:\/\/yoast.com\/product\/yoast-seo-wordpress\/ -->\n<title>Informations sur le traitement des donn\u00e9es personnelles<\/title>\n<meta name=\"robots\" content=\"noindex, nofollow\" \/>\n<meta property=\"og:locale\" content=\"fr_FR\" \/>\n<meta property=\"og:type\" content=\"article\" \/>\n<meta property=\"og:title\" content=\"Informations sur le traitement des donn\u00e9es personnelles\" \/>\n<meta property=\"og:description\" content=\"Personnes concern\u00e9es&nbsp;: Demande d&#8217;informations et inscription \u00e0 la newsletter d\u00e9di\u00e9e aux Family Hotels Le CONSORTIUM ITALY FAMILY HOTELS, dont le si\u00e8ge social se trouve Via Macanno 38\/q, 47923 Rimini (RN), info@italyfamilyhotels.it, en sa qualit\u00e9 de responsable du traitement de vos donn\u00e9es personnelles, en application et aux fins du r\u00e8glement (UE) 2016\/679 ci-apr\u00e8s d\u00e9nomm\u00e9 \u00ab&nbsp;RGPD&nbsp;\u00bb, vous &hellip;\" \/>\n<meta property=\"og:url\" content=\"https:\/\/www.italyfamilyhotels.it\/fr\/informations-sur-le-traitement-des-donnees-personnelles-articles-13-14-du-reglement-ue-2016-679\" \/>\n<meta property=\"og:site_name\" content=\"Italy Family Hotels\" \/>\n<meta property=\"article:publisher\" content=\"https:\/\/www.facebook.com\/ItalyFamilyHotels\/\" \/>\n<meta property=\"article:modified_time\" content=\"2023-01-25T12:44:50+00:00\" \/>\n<meta name=\"twitter:card\" content=\"summary_large_image\" \/>\n<meta name=\"twitter:label1\" content=\"Dur\u00e9e de lecture estim\u00e9e\" \/>\n\t<meta name=\"twitter:data1\" content=\"8 minutes\" \/>\n<script type=\"application\/ld+json\" class=\"yoast-schema-graph\">{\"@context\":\"https:\/\/schema.org\",\"@graph\":[{\"@type\":\"WebPage\",\"@id\":\"https:\/\/www.italyfamilyhotels.it\/fr\/informations-sur-le-traitement-des-donnees-personnelles-articles-13-14-du-reglement-ue-2016-679\",\"url\":\"https:\/\/www.italyfamilyhotels.it\/fr\/informations-sur-le-traitement-des-donnees-personnelles-articles-13-14-du-reglement-ue-2016-679\",\"name\":\"Informations sur le traitement des donn\u00e9es personnelles\",\"isPartOf\":{\"@id\":\"https:\/\/www.italyfamilyhotels.it\/#website\"},\"datePublished\":\"2023-01-23T13:01:37+00:00\",\"dateModified\":\"2023-01-25T12:44:50+00:00\",\"breadcrumb\":{\"@id\":\"https:\/\/www.italyfamilyhotels.it\/fr\/informations-sur-le-traitement-des-donnees-personnelles-articles-13-14-du-reglement-ue-2016-679#breadcrumb\"},\"inLanguage\":\"fr-FR\",\"potentialAction\":[{\"@type\":\"ReadAction\",\"target\":[\"https:\/\/www.italyfamilyhotels.it\/fr\/informations-sur-le-traitement-des-donnees-personnelles-articles-13-14-du-reglement-ue-2016-679\"]}]},{\"@type\":\"BreadcrumbList\",\"@id\":\"https:\/\/www.italyfamilyhotels.it\/fr\/informations-sur-le-traitement-des-donnees-personnelles-articles-13-14-du-reglement-ue-2016-679#breadcrumb\",\"itemListElement\":[{\"@type\":\"ListItem\",\"position\":1,\"name\":\"Home\",\"item\":\"https:\/\/www.italyfamilyhotels.it\/fr\"},{\"@type\":\"ListItem\",\"position\":2,\"name\":\"Informations sur le traitement des donn\u00e9es personnelles &#8211; Articles 13-14 du R\u00e8glement UE 2016\/679\"}]},{\"@type\":\"WebSite\",\"@id\":\"https:\/\/www.italyfamilyhotels.it\/#website\",\"url\":\"https:\/\/www.italyfamilyhotels.it\/\",\"name\":\"Italy Family Hotels\",\"description\":\"\",\"potentialAction\":[{\"@type\":\"SearchAction\",\"target\":{\"@type\":\"EntryPoint\",\"urlTemplate\":\"https:\/\/www.italyfamilyhotels.it\/?s={search_term_string}\"},\"query-input\":{\"@type\":\"PropertyValueSpecification\",\"valueRequired\":true,\"valueName\":\"search_term_string\"}}],\"inLanguage\":\"fr-FR\"}]}<\/script>\n<!-- \/ Yoast SEO plugin. -->","yoast_head_json":{"title":"Informations sur le traitement des donn\u00e9es personnelles","robots":{"index":"noindex","follow":"nofollow"},"og_locale":"fr_FR","og_type":"article","og_title":"Informations sur le traitement des donn\u00e9es personnelles","og_description":"Personnes concern\u00e9es&nbsp;: Demande d&#8217;informations et inscription \u00e0 la newsletter d\u00e9di\u00e9e aux Family Hotels Le CONSORTIUM ITALY FAMILY HOTELS, dont le si\u00e8ge social se trouve Via Macanno 38\/q, 47923 Rimini (RN), info@italyfamilyhotels.it, en sa qualit\u00e9 de responsable du traitement de vos donn\u00e9es personnelles, en application et aux fins du r\u00e8glement (UE) 2016\/679 ci-apr\u00e8s d\u00e9nomm\u00e9 \u00ab&nbsp;RGPD&nbsp;\u00bb, vous &hellip;","og_url":"https:\/\/www.italyfamilyhotels.it\/fr\/informations-sur-le-traitement-des-donnees-personnelles-articles-13-14-du-reglement-ue-2016-679","og_site_name":"Italy Family Hotels","article_publisher":"https:\/\/www.facebook.com\/ItalyFamilyHotels\/","article_modified_time":"2023-01-25T12:44:50+00:00","twitter_card":"summary_large_image","twitter_misc":{"Dur\u00e9e de lecture estim\u00e9e":"8 minutes"},"schema":{"@context":"https:\/\/schema.org","@graph":[{"@type":"WebPage","@id":"https:\/\/www.italyfamilyhotels.it\/fr\/informations-sur-le-traitement-des-donnees-personnelles-articles-13-14-du-reglement-ue-2016-679","url":"https:\/\/www.italyfamilyhotels.it\/fr\/informations-sur-le-traitement-des-donnees-personnelles-articles-13-14-du-reglement-ue-2016-679","name":"Informations sur le traitement des donn\u00e9es personnelles","isPartOf":{"@id":"https:\/\/www.italyfamilyhotels.it\/#website"},"datePublished":"2023-01-23T13:01:37+00:00","dateModified":"2023-01-25T12:44:50+00:00","breadcrumb":{"@id":"https:\/\/www.italyfamilyhotels.it\/fr\/informations-sur-le-traitement-des-donnees-personnelles-articles-13-14-du-reglement-ue-2016-679#breadcrumb"},"inLanguage":"fr-FR","potentialAction":[{"@type":"ReadAction","target":["https:\/\/www.italyfamilyhotels.it\/fr\/informations-sur-le-traitement-des-donnees-personnelles-articles-13-14-du-reglement-ue-2016-679"]}]},{"@type":"BreadcrumbList","@id":"https:\/\/www.italyfamilyhotels.it\/fr\/informations-sur-le-traitement-des-donnees-personnelles-articles-13-14-du-reglement-ue-2016-679#breadcrumb","itemListElement":[{"@type":"ListItem","position":1,"name":"Home","item":"https:\/\/www.italyfamilyhotels.it\/fr"},{"@type":"ListItem","position":2,"name":"Informations sur le traitement des donn\u00e9es personnelles &#8211; Articles 13-14 du R\u00e8glement UE 2016\/679"}]},{"@type":"WebSite","@id":"https:\/\/www.italyfamilyhotels.it\/#website","url":"https:\/\/www.italyfamilyhotels.it\/","name":"Italy Family Hotels","description":"","potentialAction":[{"@type":"SearchAction","target":{"@type":"EntryPoint","urlTemplate":"https:\/\/www.italyfamilyhotels.it\/?s={search_term_string}"},"query-input":{"@type":"PropertyValueSpecification","valueRequired":true,"valueName":"search_term_string"}}],"inLanguage":"fr-FR"}]}},"_links":{"self":[{"href":"https:\/\/www.italyfamilyhotels.it\/fr\/wp-json\/wp\/v2\/pages\/43340","targetHints":{"allow":["GET"]}}],"collection":[{"href":"https:\/\/www.italyfamilyhotels.it\/fr\/wp-json\/wp\/v2\/pages"}],"about":[{"href":"https:\/\/www.italyfamilyhotels.it\/fr\/wp-json\/wp\/v2\/types\/page"}],"author":[{"embeddable":true,"href":"https:\/\/www.italyfamilyhotels.it\/fr\/wp-json\/wp\/v2\/users\/2"}],"replies":[{"embeddable":true,"href":"https:\/\/www.italyfamilyhotels.it\/fr\/wp-json\/wp\/v2\/comments?post=43340"}],"version-history":[{"count":4,"href":"https:\/\/www.italyfamilyhotels.it\/fr\/wp-json\/wp\/v2\/pages\/43340\/revisions"}],"predecessor-version":[{"id":44402,"href":"https:\/\/www.italyfamilyhotels.it\/fr\/wp-json\/wp\/v2\/pages\/43340\/revisions\/44402"}],"wp:attachment":[{"href":"https:\/\/www.italyfamilyhotels.it\/fr\/wp-json\/wp\/v2\/media?parent=43340"}],"curies":[{"name":"wp","href":"https:\/\/api.w.org\/{rel}","templated":true}]}}